{"id":327,"date":"2019-07-09T12:09:11","date_gmt":"2019-07-09T12:09:11","guid":{"rendered":"http:\/\/kindergarten-ilse.de\/?page_id=327"},"modified":"2024-02-17T15:01:48","modified_gmt":"2024-02-17T15:01:48","slug":"datenschutzerklaerung","status":"publish","type":"page","link":"http:\/\/kindergarten-ilse.de\/?page_id=327","title":{"rendered":"Datenschutzerkl\u00e4rung"},"content":{"rendered":"\n<p>Wir\nfreuen uns \u00fcber Ihren Besuch auf unserer Internetseite und Ihr Interesse an der\nArbeit des Evangelischen Kindergartens Ilse. <\/p>\n\n\n\n<p>Wir\nnehmen den Schutz personenbezogener Daten sehr ernst und m\u00f6chten, dass Sie sich\nbeim Besuch unserer Internetseiten sicher f\u00fchlen. Daher informieren wir Sie an\ndieser Stelle, wie wir die Datenschutzbestimmungen in unseren Internetangeboten\numsetzen. Im Folgenden erhalten Sie, gem\u00e4\u00df \u00a7 13 Abs. 1 Telemediengesetz (TMG)\nin Verbindung mit dem Datenschutzgesetz der Evangelischen Kirche in Deutschland\n(DSG-EKD), Auskunft \u00fcber die Art, den Umfang und den Zweck der Verarbeitung der\nauf unserer Internetseite erhobenen personenbezogenen Daten (nachfolgend kurz\n*Daten*). <\/p>\n\n\n\n<p>Personenbezogene Daten sind alle Angaben zu einer\nbestimmten oder durch diese Daten bestimmbaren nat\u00fcrlichen Person, wie z.B.\nName, Anschrift, E-Mail, Telefonnummer. Zu allen Begriffsbestimmungen verweisen\nwir auf \u00a7 4 Abs. 1 DSG-EKD.<\/p>\n\n\n\n<p><strong>Verantwortliche kirchliche Stelle<\/strong><\/p>\n\n\n\n<p>Verband der Kindertageseinrichtungen<\/p>\n\n\n\n<p>im Evangelischen Kirchenkreis Minden<\/p>\n\n\n\n<p>Rosentalstra\u00dfe 6<\/p>\n\n\n\n<p>32423 Minden<\/p>\n\n\n\n<p>Telefon: (05 71) 8 37 44 10<\/p>\n\n\n\n<p>Tel.\n05705\/637<\/p>\n\n\n\n<p>Vertreten durch: Herrn Mu\u00dfmann (Gesch\u00e4ftsf\u00fchrer)<\/p>\n\n\n\n<p><strong>Datensicherheit<\/strong><\/p>\n\n\n\n<p>Wir\nverwenden ihre Daten ausschlie\u00dflich im Rahmen des DSG-EKD, das die Vorgaben der\nDatenschutzgrundverordnung der Europ\u00e4ischen Union (DSGVO) im Bereich der\nevangelischen Kirchen umsetzt.<\/p>\n\n\n\n<p>Wir treffen\nnach Ma\u00dfgabe des Art. 27 DSG-EKD unter Ber\u00fccksichtigung des Stands der Technik,\nder Implementierungskosten und der Art, des Umfangs, der Umst\u00e4nde und der\nZwecke der Verarbeitung sowie der unterschiedlichen Eintrittswahrscheinlichkeit\nund Schwere des Risikos f\u00fcr die Rechte und Freiheiten nat\u00fcrlicher Personen,\ngeeignete technische und organisatorische Ma\u00dfnahmen, um ein dem Risiko\nangemessenes Schutzniveau zu gew\u00e4hrleisten.<\/p>\n\n\n\n<p>Wir weisen\ndarauf hin, dass die Daten\u00fcbertragung im Internet (z.B. bei der Kommunikation\nper E-Mail) Sicherheitsl\u00fccken aufweisen kann. Ein l\u00fcckenloser Schutz der Daten vor\ndem Zugriff durch Dritte ist nicht m\u00f6glich.<\/p>\n\n\n\n<p><strong>Verarbeitete Daten<\/strong><\/p>\n\n\n\n<p>Grunds\u00e4tzlich\nk\u00f6nnen Sie unsere Seiten nutzen, ohne uns mitzuteilen, wer Sie sind. Beim\nAufrufen unserer Website werden durch den auf dem Endger\u00e4t des Nutzers zum\nEinsatz kommenden Browser automatisch Informationen an den Server unserer\nWebsite gesendet. Diese Informationen werden tempor\u00e4r in einem sogenannten\nLog-File gespeichert. Folgende Daten werden dabei ohne Zutun des Nutzers\nerfasst und bis zur automatisierten L\u00f6schung gespeichert:<\/p>\n\n\n\n<ul class=\"wp-block-list\">\n<li>Ihre IP-Adresse<\/li>\n\n\n\n<li>Datum und Uhrzeit des\nZugriffs<\/li>\n\n\n\n<li>Name und URL der\nabgerufenen Datei<\/li>\n\n\n\n<li>Website, von der aus\nder Zugriff erfolgt (Referrer-URL)<\/li>\n\n\n\n<li>Verwendeter Browser und\nverwendetes Betriebssystem<\/li>\n\n\n\n<li>Name Ihres\nInternet-Providers<\/li>\n<\/ul>\n\n\n\n<p>Die\ngenannten Daten werden durch uns zu folgenden Zwecken verarbeitet:<\/p>\n\n\n\n<ul class=\"wp-block-list\">\n<li>Zurverf\u00fcgungstellung des Onlineangebotes, seiner Funktionen und Inhalte<br>\nGew\u00e4hrleistung eines reibungslosen Verbindungsaufbaus\nder Website<\/li>\n\n\n\n<li>Gew\u00e4hrleistung einer\nkomfortablen Nutzung unserer Website<\/li>\n\n\n\n<li>Optimierung unseres Online-Angebots<\/li>\n\n\n\n<li>Auswertung der\nSystemsicherheit und \u2013stabilit\u00e4t<\/li>\n\n\n\n<li>Beantwortung von Kontaktanfragen und Kommunikation mit Nutzern<\/li>\n\n\n\n<li>Sicherheitsma\u00dfnahmen<\/li>\n\n\n\n<li>Reichweitenmessung\/Marketing<\/li>\n<\/ul>\n\n\n\n<p>Wir nutzen\ndiese Informationen ausschlie\u00dflich f\u00fcr systemrelevante und statistische Zwecke,\ndie grunds\u00e4tzlich in anonymisierter Form erfolgen, so dass R\u00fcckschl\u00fcsse auf\nIhre Person nicht m\u00f6glich sind<\/p>\n\n\n\n<p><strong>Rechtsgrundlage f\u00fcr die Datenverarbeitung<\/strong><\/p>\n\n\n\n<p>Die\nRechtsgrundlage f\u00fcr die Speicherung personenbezogener Daten ergibt sich aus \u00a7 6\nZiff. 4 DSG-EKD. Unser berechtigtes Interesse ist die Zurverf\u00fcgungstellung von\nInformationen in Bezug auf unsere Au\u00dfendarstellung und T\u00e4tigkeiten.<\/p>\n\n\n\n<p>Im\nZusammenhang mit der Internetseite \u201ewww.kindergarten-ilse.de\u201c verarbeiten wir\nIhre Daten nur, soweit dies f\u00fcr die Nutzung der Webseite, die Abwicklung von\nAnfragen oder von Auftr\u00e4gen erforderlich ist. <\/p>\n\n\n\n<p>F\u00fcr andere\nZwecke verwenden wir Ihre Daten nur, soweit dies Rechtsvorschriften erlauben\noder Sie hierzu ausdr\u00fccklich eingewilligt haben. Ihre Daten werden nicht an Dritte\nweitergegeben oder kommerziell verwendet. Der Evangelische Kindergarten Ilse\nwird personenbezogene Daten an auskunftsberechtigte Institutionen (Beh\u00f6rden)\n\u00fcbermitteln, wenn der Evangelische Kindergarten Ilse durch Rechtsvorschriften\noder per Gerichtsbeschluss dazu verpflichtet ist.<\/p>\n\n\n\n<p>Dar\u00fcber\nhinaus setzen wir beim Besuch unserer Website Cookies sowie Analysedienste ein.<\/p>\n\n\n\n<p><strong>Cookies<\/strong><\/p>\n\n\n\n<p>Wir\nverwenden auf unseren Seiten sogenannte Cookies. Das sind kleine Textdateien,\ndie auf Ihrem Endger\u00e4t gespeichert werden und uns eine Analyse der Nutzung\nunserer Seiten erm\u00f6glichen. Die durch die Cookies erzeugten Informationen\nverwenden wir, um unsere Seiten f\u00fcr Sie als Nutzer attraktiver zu gestalten und\num bestimmte Funktionen unserer Seiten zu gew\u00e4hrleisten. Einige von uns verwendete\nCookies werden direkt nach Ihrem Besuch unserer Seiten wieder gel\u00f6scht (sog.\nSession-Cookies). Andere erm\u00f6glichen es uns, Sie bei sp\u00e4teren Besuchen auf\nunseren Seiten wiederzuerkennen (sog. Persistente Cookies).<\/p>\n\n\n\n<p>Sie k\u00f6nnen\ndie Installation von Cookies durch eine entsprechende Einstellung im Browser\nverhindern, oder sich durch die Browser-Software vor dem Setzen eines Cookie\ninformieren lassen. Bei Letzterem k\u00f6nnen Sie individuell entscheiden, ob ein\nCookie gesetzt werden darf oder nicht. Wir weisen Sie darauf hin, dass Sie\njedoch in diesem Fall gegebenenfalls nicht s\u00e4mtliche Funktionen dieser Website\nvollumf\u00e4nglich nutzen k\u00f6nnen.<\/p>\n\n\n\n<p><strong>SSL- bzw. TLS-Verschl\u00fcsselung<\/strong><\/p>\n\n\n\n<p>Diese Seite\nnutzt aus Sicherheitsgr\u00fcnden und zum Schutz der \u00dcbertragung vertraulicher\nInhalte, wie zum Beispiel Bestellungen oder Anfragen, die Sie an uns als\nSeitenbetreiber senden, eine SSL-bzw. TLS-Verschl\u00fcsselung. Eine verschl\u00fcsselte\nVerbindung erkennen Sie daran, dass die Adresszeile des Browsers von \u201chttp:\/\/\u201d\nauf \u201chttps:\/\/\u201d wechselt und an dem Schloss-Symbol in Ihrer Browserzeile.<\/p>\n\n\n\n<p>Wenn die\nSSL- bzw. TLS-Verschl\u00fcsselung aktiviert ist, k\u00f6nnen die Daten, die Sie an uns\n\u00fcbermitteln, nicht von Dritten mitgelesen werden.<\/p>\n\n\n\n<p><strong>E-Mail-Sicherheit<\/strong><\/p>\n\n\n\n<p>Wenn Sie uns\neine E-Mail senden, so wird Ihre E-Mail-Adresse nur f\u00fcr die Korrespondenz mit\nIhnen verwendet. Ein Verschl\u00fcsselungsverfahren wird nicht eingesetzt.<\/p>\n\n\n\n<p><strong>Verweise\nauf externe Links<\/strong><\/p>\n\n\n\n<p>Unser\nWeb-Angebot enth\u00e4lt Links zu anderen Websites. Wir haben keinen Einfluss auf\nderen Inhalte und darauf, dass deren Betreiber die Datenschutzbestimmungen\neinhalten. Es wird hiermit erkl\u00e4rt, dass zum Zeitpunkt der Linksetzung keine\nillegalen Inhalte auf den zu verlinkenden Seiten erkennbar waren. Auf die\naktuelle und zuk\u00fcnftige Gestaltung, die Inhalte oder die Urheberschaft der\nverlinkten Seiten sowie auf die Einhaltung der Datenschutzbestimmungen haben\nwir keinerlei Einfluss. Der Herausgeber distanziert sich ausdr\u00fccklich von allen\nInhalten, die m\u00f6glicherweise straf- oder haftungsrechtlich relevant sind oder\ngegen die guten Sitten versto\u00dfen. F\u00fcr illegale, fehlerhafte oder unvollst\u00e4ndige\nInhalte und f\u00fcr Sch\u00e4den, die aus der Nutzung oder Nichtnutzung anderer Websites\nentstehen, haftet allein der Anbieter der Seite, auf welche verwiesen wurde.<strong><\/strong><\/p>\n\n\n\n<p><strong>Ihre Rechte<\/strong><\/p>\n\n\n\n<p>Sie haben das Recht:<\/p>\n\n\n\n<ul class=\"wp-block-list\">\n<li>auf\nAuskunft nach \u00a719 DSG-EKD,<\/li>\n\n\n\n<li>auf\nBerichtigung nach \u00a7 20 DSG-EKD,<\/li>\n\n\n\n<li>auf\nL\u00f6schung nach \u00a7 21 DSG-EKD,<\/li>\n\n\n\n<li>auf Einschr\u00e4nkung\nder Verarbeitung nach \u00a7 22 DSG-EKD,<\/li>\n\n\n\n<li>auf\nDaten\u00fcbertragbarkeit aus \u00a7 24 DSG-EKD.<br>\n<br>\n<\/li>\n<\/ul>\n\n\n\n<p>Wir weisen Sie darauf hin, dass Sie eine uns gegebenenfalls erteilte\ndatenschutzrechtliche Einwilligung jederzeit mit Wirkung f\u00fcr die Zukunft\nwiderrufen k\u00f6nnen. Der jeweilige Widerruf kann dazu f\u00fchren, dass unsere\nAngebote Ihnen nicht mehr oder nur eingeschr\u00e4nkt zur Verf\u00fcgung gestellt werden\nk\u00f6nnen.<\/p>\n\n\n\n<p><strong>Stellenangebote<\/strong><\/p>\n\n\n\n<p>Initiativbewerbungen<\/p>\n\n\n\n<p>Wir freuen uns \u00fcber Ihre Bewerbung, d\u00fcrfen die uns mitgeteilten\npersonenbezogenen Daten aber nur verarbeiten, wenn Sie hierzu ausdr\u00fccklich Ihre\nEinwilligung erkl\u00e4ren, dass wir Ihre Daten speichern und Sie kontaktieren\nd\u00fcrfen, falls Sie zuk\u00fcnftig f\u00fcr eine Stelle in Betracht kommen. Bitte f\u00fcgen Sie\nIhren Unterlagen eine entsprechende Erkl\u00e4rung bei.<\/p>\n\n\n\n<p>F\u00fcr Bewerbungen auf dem Postwege:&nbsp;<br>\nBitte reichen Sie Ihre\nBewerbungsunterlagen nur in Kopie ein, da diese nach Abschluss des\nAuswahlverfahrens zur\u00fcckgesandt werden. <\/p>\n\n\n\n<p><br>\nF\u00fcr Bewerbungen per E-Mail:&nbsp;<br>\nBedenken Sie bitte, dass Bewerbungsunterlagen, die per einfacher E-Mail\nals&nbsp;unverschl\u00fcsselte&nbsp;PDF-Datei \u00fcbersandt werden, auf diesem Weg gegen\nunbefugte Kenntnisnahme oder Ver\u00e4nderung nicht gesch\u00fctzt sind. <\/p>\n\n\n\n<p>Nutzen Sie daher bitte eine Verschl\u00fcsselung mittels Passwort, das Sie uns\nvorzugsweise telefonisch mitteilen.<\/p>\n\n\n\n<p><strong>\u00d6rtlich Beauftragter f\u00fcr den Datenschutz<\/strong><\/p>\n\n\n\n<p>Sollten Sie zu den in unserer Datenschutzerkl\u00e4rung dargestellten Ma\u00dfnahmen\nnoch Fragen haben, so k\u00f6nnen Sie sich an unsere \u00f6rtlich Beauftragte f\u00fcr den Datenschutz\nwenden.<\/p>\n\n\n\n<p>\u00d6rtlich Beauftragte f\u00fcr den Datenschutz<\/p>\n\n\n\n<p>beim Ev. Kirchenkreis Minden<\/p>\n\n\n\n<p>&#8211; pers\u00f6nlich \u2013<\/p>\n\n\n\n<p>Rosentalstr.\n6<br>\n32423 Minden<\/p>\n\n\n\n<p>Email:  Datenschutz@kirchenkreis-minden.de<\/p>\n\n\n\n<p>Telefon: 0151 1269 1391<\/p>\n\n\n\n<p><strong>Beschwerderecht<\/strong><\/p>\n\n\n\n<p>Im Falle\ndatenschutzrechtlicher Verst\u00f6\u00dfe steht dem Betroffenen ein Beschwerderecht bei der\nzust\u00e4ndigen Aufsichtsbeh\u00f6rde zu.<\/p>\n\n\n\n<p>Wenn Sie\nder Ansicht sind, bei der Verarbeitung Ihrer personenbezogenen Daten durch\nStellen des Evangelischen Kindergarten Ilse in ihren Rechten verletzt worden zu\nsein, wenden Sie sich bitte an die f\u00fcr uns zust\u00e4ndige Aufsicht:<\/p>\n\n\n\n<p>Der Beauftragte\nf\u00fcr den Datenschutz der Evangelischen Kirche in Deutschland <br>\nRegion Mitte-West<br>\nHerr Sebastian Kita, Friedhof 4, 44135 Dortmund<br>\n<a href=\"mailto:mitte-west@datenschutz.ekd.de\">mitte-west@datenschutz.ekd.de<\/a><strong> <\/strong><\/p>\n\n\n\n<p><strong>Aktualisierung dieser Datenschutzerkl\u00e4rung<\/strong><\/p>\n\n\n\n<p>Der Evangelische Kindergarten Ilse wird diese Datenschutzerkl\u00e4rung bei Bedarf aktualisieren. (Stand: Februar 2024).<\/p>\n","protected":false},"excerpt":{"rendered":"<p>Wir freuen uns \u00fcber Ihren Besuch auf unserer Internetseite und Ihr Interesse an der Arbeit des Evangelischen Kindergartens Ilse. Wir nehmen den Schutz personenbezogener Daten sehr ernst und m\u00f6chten, dass Sie sich beim Besuch unserer Internetseiten sicher f\u00fchlen. Daher informieren wir Sie an dieser Stelle, wie wir die Datenschutzbestimmungen in unseren Internetangeboten umsetzen. Im Folgenden &hellip; <\/p>\n<p class=\"link-more\"><a href=\"http:\/\/kindergarten-ilse.de\/?page_id=327\" class=\"more-link\"><span class=\"screen-reader-text\">\u201eDatenschutzerkl\u00e4rung\u201c <\/span>weiterlesen<\/a><\/p>\n","protected":false},"author":1,"featured_media":0,"parent":0,"menu_order":0,"comment_status":"closed","ping_status":"closed","template":"","meta":{"footnotes":""},"class_list":["post-327","page","type-page","status-publish","hentry"],"_links":{"self":[{"href":"http:\/\/kindergarten-ilse.de\/index.php?rest_route=\/wp\/v2\/pages\/327","targetHints":{"allow":["GET"]}}],"collection":[{"href":"http:\/\/kindergarten-ilse.de\/index.php?rest_route=\/wp\/v2\/pages"}],"about":[{"href":"http:\/\/kindergarten-ilse.de\/index.php?rest_route=\/wp\/v2\/types\/page"}],"author":[{"embeddable":true,"href":"http:\/\/kindergarten-ilse.de\/index.php?rest_route=\/wp\/v2\/users\/1"}],"replies":[{"embeddable":true,"href":"http:\/\/kindergarten-ilse.de\/index.php?rest_route=%2Fwp%2Fv2%2Fcomments&post=327"}],"version-history":[{"count":3,"href":"http:\/\/kindergarten-ilse.de\/index.php?rest_route=\/wp\/v2\/pages\/327\/revisions"}],"predecessor-version":[{"id":788,"href":"http:\/\/kindergarten-ilse.de\/index.php?rest_route=\/wp\/v2\/pages\/327\/revisions\/788"}],"wp:attachment":[{"href":"http:\/\/kindergarten-ilse.de\/index.php?rest_route=%2Fwp%2Fv2%2Fmedia&parent=327"}],"curies":[{"name":"wp","href":"https:\/\/api.w.org\/{rel}","templated":true}]}}