{"id":111,"date":"2017-03-21T13:39:11","date_gmt":"2017-03-21T13:39:11","guid":{"rendered":"http:\/\/kindergarten-ilse.de\/?page_id=111"},"modified":"2026-02-01T08:38:28","modified_gmt":"2026-02-01T08:38:28","slug":"silke-nuerge","status":"publish","type":"page","link":"http:\/\/kindergarten-ilse.de\/?page_id=111","title":{"rendered":"Silke N\u00fcrge"},"content":{"rendered":"<p style=\"text-align: center;\"><img loading=\"lazy\" decoding=\"async\" class=\"alignnone size-medium wp-image-292\" src=\"http:\/\/kindergarten-ilse.de\/wp-content\/uploads\/2018\/11\/s-164-e1542899080807-225x300.jpg\" alt=\"\" width=\"225\" height=\"300\" srcset=\"http:\/\/kindergarten-ilse.de\/wp-content\/uploads\/2018\/11\/s-164-e1542899080807-225x300.jpg 225w, http:\/\/kindergarten-ilse.de\/wp-content\/uploads\/2018\/11\/s-164-e1542899080807.jpg 480w\" sizes=\"auto, (max-width: 225px) 100vw, 225px\" \/><\/p>\n<p style=\"text-align: center;\"><strong>Inklusionskraft<br \/>\n<\/strong><\/p>\n<p style=\"text-align: center;\">staatlich anerkannte Erzieherin<\/p>\n<p style=\"text-align: center;\"><strong>Fortbildungen:<\/strong><br \/>\nErste Hilfe<br \/>\nBielefelder Screening und H\u00f6ren Lauschen Lernen<br \/>\nHeilp\u00e4dagogische Zusatzausbildung<br \/>\nLangzeitfortbildung Sozialmanagement<br \/>\nF\u00f6rderbedarf erkennen und kommunizieren<br \/>\nFr\u00fche Bildung &#8222;Sprache&#8220;<\/p>\n","protected":false},"excerpt":{"rendered":"<p>Inklusionskraft staatlich anerkannte Erzieherin Fortbildungen: Erste Hilfe Bielefelder Screening und H\u00f6ren Lauschen Lernen Heilp\u00e4dagogische Zusatzausbildung Langzeitfortbildung Sozialmanagement F\u00f6rderbedarf erkennen und kommunizieren Fr\u00fche Bildung &#8222;Sprache&#8220;<\/p>\n","protected":false},"author":1,"featured_media":0,"parent":0,"menu_order":0,"comment_status":"closed","ping_status":"closed","template":"","meta":{"footnotes":""},"class_list":["post-111","page","type-page","status-publish","hentry"],"_links":{"self":[{"href":"http:\/\/kindergarten-ilse.de\/index.php?rest_route=\/wp\/v2\/pages\/111","targetHints":{"allow":["GET"]}}],"collection":[{"href":"http:\/\/kindergarten-ilse.de\/index.php?rest_route=\/wp\/v2\/pages"}],"about":[{"href":"http:\/\/kindergarten-ilse.de\/index.php?rest_route=\/wp\/v2\/types\/page"}],"author":[{"embeddable":true,"href":"http:\/\/kindergarten-ilse.de\/index.php?rest_route=\/wp\/v2\/users\/1"}],"replies":[{"embeddable":true,"href":"http:\/\/kindergarten-ilse.de\/index.php?rest_route=%2Fwp%2Fv2%2Fcomments&post=111"}],"version-history":[{"count":11,"href":"http:\/\/kindergarten-ilse.de\/index.php?rest_route=\/wp\/v2\/pages\/111\/revisions"}],"predecessor-version":[{"id":869,"href":"http:\/\/kindergarten-ilse.de\/index.php?rest_route=\/wp\/v2\/pages\/111\/revisions\/869"}],"wp:attachment":[{"href":"http:\/\/kindergarten-ilse.de\/index.php?rest_route=%2Fwp%2Fv2%2Fmedia&parent=111"}],"curies":[{"name":"wp","href":"https:\/\/api.w.org\/{rel}","templated":true}]}}